{"id":2243,"date":"2026-01-28T09:00:00","date_gmt":"2026-01-28T09:00:00","guid":{"rendered":"19b40be6-b829-4aa5-83a5-db50f4aa5fdf"},"modified":"2026-01-16T08:30:46","modified_gmt":"2026-01-16T08:30:46","slug":"lzs-22-im-gespraech-mit-julia-issa","status":"publish","type":"podcast","link":"https:\/\/bestattungen-schuett.de\/en\/uncategorized\/lzs-22-im-gespraech-mit-julia-issa\/","title":{"rendered":"LzS 22 &#8211; Im Gespr\u00e4ch mit Julia Issa"},"content":{"rendered":"\n    \n            <div class=\"podlove-web-player intrinsic-ignore podlove-web-player-loading\" id=\"player-69eff429791b8\"><root data-test=\"player--xl\" style=\"max-width:950px;min-width:260px;\">\n  <div class=\"tablet:px-6 tablet:pt-6 mobile:px-4 mobile:pt-4 flex flex-col\">\n    <div class=\"flex-col items-center mobile:flex tablet:hidden\">\n      <show-title class=\"text-sm\"><\/show-title>\n      <episode-title class=\"text-base mb-2\"><\/episode-title>\n      <subscribe-button class=\"mb-4 mobile:flex tablet:hidden\"><\/subscribe-button>\n      <poster class=\"rounded-sm w-48 shadow overflow-hidden\"><\/poster>\n      <divider class=\"w-full my-6\"><\/divider>\n    <\/div>\n\n    <div class=\"tablet:flex flex-grow\">\n      <div class=\"w-64 mobile:hidden tablet:block tablet:mr-6\">\n        <poster class=\"rounded-sm shadow overflow-hidden\"><\/poster>\n      <\/div>\n      <div class=\"w-full\">\n        <div class=\"hidden tablet:block\">\n          <show-title class=\"text-base\"><\/show-title>\n          <episode-title class=\"text-xl desktop:text-2xl\"><\/episode-title>\n          <divider class=\"w-full my-4\"><\/divider>\n        <\/div>\n        <div class=\"flex items-center justify-between\">\n          <div class=\"block\">\n            <play-state on=\"active\">\n              <speed-control class=\"flex items-center\"><\/speed-control>\n            <\/play-state>\n          <\/div>\n\n          <div class=\"flex\">\n            <play-state on=\"active\">\n              <chapter-previous class=\"mx-2 block\"><\/chapter-previous>\n            <\/play-state>\n            <play-state on=\"active\">\n              <step-backward class=\"mx-2 block\"><\/step-backward>\n            <\/play-state>\n\n            <play-button class=\"mx-2 block\" :label=\"$t('PLAYER.PLAY_EPISODE')\"><\/play-button>\n\n            <play-state on=\"active\">\n              <step-forward class=\"mx-2 block\"><\/step-forward>\n            <\/play-state>\n            <play-state on=\"active\">\n              <chapter-next class=\"mx-2 block\"><\/chapter-next>\n            <\/play-state>\n          <\/div>\n\n          <div class=\"block\">\n            <play-state on=\"active\">\n              <volume-control class=\"flex items-center\"><\/volume-control>\n            <\/play-state>\n          <\/div>\n        <\/div>\n        <div class=\"flex w-full\">\n          <progress-bar><\/progress-bar>\n        <\/div>\n        <div class=\"flex w-full -mt-2\">\n          <div class=\"w-3\/12 text-left\">\n            <timer-current class=\"text-sm\"><\/timer-current>\n          <\/div>\n          <div class=\"w-6\/12 text-center truncate\">\n            <play-state on=\"active\">\n              <current-chapter class=\"text-sm\"><\/current-chapter>\n            <\/play-state>\n          <\/div>\n          <div class=\"w-3\/12 text-right\">\n            <timer-duration class=\"text-sm\"><\/timer-duration>\n          <\/div>\n        <\/div>\n      <\/div>\n    <\/div>\n    <divider class=\"w-full mt-6 mb-3\"><\/divider>\n    <div class=\"flex justify-between\">\n      <div class=\"flex mobile:w-full tablet:w-3\/12 desktop:w-3\/12 justify-between\">\n        <tab-trigger tab=\"chapters\">\n          <icon type=\"chapter\"><\/icon>\n        <\/tab-trigger>\n        <tab-trigger tab=\"transcripts\">\n          <icon type=\"transcripts\"><\/icon>\n        <\/tab-trigger>\n        <tab-trigger tab=\"files\">\n          <icon type=\"download\"><\/icon>\n        <\/tab-trigger>\n        <tab-trigger tab=\"playlist\">\n          <icon type=\"playlist\"><\/icon>\n        <\/tab-trigger>\n        <tab-trigger tab=\"share\">\n          <icon type=\"share\"><\/icon>\n        <\/tab-trigger>\n      <\/div>\n      <subscribe-button class=\"mt-1 mobile:hidden tablet:flex\"><\/subscribe-button>\n    <\/div>\n  <\/div>\n  <div class=\"w-full relative overflow-hidden\">\n    <tab name=\"chapters\">\n      <tab-chapters><\/tab-chapters>\n    <\/tab>\n    <tab name=\"transcripts\">\n      <tab-transcripts><\/tab-transcripts>\n    <\/tab>\n    <tab name=\"files\">\n      <tab-files><\/tab-files>\n    <\/tab>\n    <tab name=\"playlist\">\n      <tab-playlist><\/tab-playlist>\n    <\/tab>\n    <tab name=\"share\">\n      <tab-share><\/tab-share>\n    <\/tab>\n    <tab-overflow><\/tab-overflow>\n  <\/div>\n  <error><\/error>\n<\/root>\n<\/div>\n            <script>\n              document.addEventListener(\"DOMContentLoaded\", function() {\n                var player = document.getElementById(\"player-69eff429791b8\");\n                podlovePlayerCache.add([{\"url\":\"https:\\\/\\\/bestattungen-schuett.de\\\/en\\\/wp-json\\\/podlove-web-player\\\/shortcode\\\/publisher\\\/2243\",\"data\":{\"version\":5,\"show\":{\"title\":\"Leuchtturm zum Sonnenuntergang\",\"subtitle\":\"Ein Podcast \\u00fcber das Leben mit dem Tod\",\"summary\":\"Wir, das sind Michael Sch\\u00fctt und Sonja B\\u00f6hm von Bestattungen Michael Sch\\u00fctt, arbeiten seit einigen Jahren in der Bestatter-Branche. Was uns antreibt, wissen wir. Aber wir sind neugierig:\\r\\nWas motiviert all die anderen Menschen in einem Beruf nahe am Tod zu arbeiten?\\r\\nDaher sind wir unterwegs, mal der Eine, mal die Andere, mal Beide zusammen und interviewen Menschen, die direkt oder indirekt mit dem Tod zu tun haben.\\r\\nDas sind ihre Geschichten\",\"poster\":\"https:\\\/\\\/bestattungen-schuett.de\\\/en\\\/podlove\\\/image\\\/68747470733a2f2f62657374617474756e67656e2d736368756574742e64652f77702d636f6e74656e742f75706c6f6164732f323032342f30342f436f7665722d6e6575332d4b6f7069652e706e67\\\/500\\\/0\\\/0\\\/leuchtturm-zum-sonnenuntergang\",\"link\":\"https:\\\/\\\/bestattungen-schuett.de\\\/en\\\/podcast\\\/\"},\"title\":\"LzS 22 - Im Gespr\\u00e4ch mit Julia Issa\",\"subtitle\":\"Ein Podcast \\u00fcber das Leben mit dem Tod\",\"summary\":\"Julia Issa ist Pastorin in der Johannesgemeinde in Rissen. \\u00dcber Ihren Weg zur Pastorin und Ihre Sicht als queere Frau auf die Bibel und \\u00fcber den Umgang mit dem Tod in der Gesellschaft sprechen wir u.a. in dieser Folge.\",\"publicationDate\":\"2026-01-28T09:00:00+00:00\",\"duration\":\"00:42:47.805\",\"poster\":\"https:\\\/\\\/bestattungen-schuett.de\\\/en\\\/podlove\\\/image\\\/68747470733a2f2f62657374617474756e67656e2d736368756574742e64652f77702d636f6e74656e742f75706c6f6164732f323032342f30342f436f7665722d6e6575332d4b6f7069652e706e67\\\/500\\\/0\\\/0\\\/leuchtturm-zum-sonnenuntergang\",\"link\":\"https:\\\/\\\/bestattungen-schuett.de\\\/en\\\/uncategorized\\\/lzs-22-im-gespraech-mit-julia-issa\\\/\",\"chapters\":[],\"audio\":[{\"url\":\"https:\\\/\\\/bestattungen-schuett.de\\\/en\\\/podlove\\\/file\\\/27\\\/s\\\/webplayer\\\/c\\\/website\\\/LzS22.mp3\",\"size\":\"38549067\",\"title\":\"MP3 Audio (mp3)\",\"mimeType\":\"audio\\\/mpeg\"}],\"files\":[{\"url\":\"https:\\\/\\\/bestattungen-schuett.de\\\/en\\\/podlove\\\/file\\\/27\\\/s\\\/webplayer\\\/LzS22.mp3\",\"size\":\"38549067\",\"title\":\"MP3 Audio\",\"mimeType\":\"audio\\\/mpeg\"}],\"contributors\":[{\"id\":\"1\",\"name\":\"Sonja B\\u00f6hm\",\"avatar\":\"https:\\\/\\\/bestattungen-schuett.de\\\/wp-content\\\/cache\\\/podlove\\\/b9\\\/9c52b67b86ab03607874814420f773\\\/sonja-boehm_150x150.jpg\",\"role\":{\"id\":\"1\",\"slug\":\"Moderation\",\"title\":\"Moderation\"},\"group\":null,\"comment\":null},{\"id\":\"28\",\"name\":\"Julia Issa\",\"avatar\":\"https:\\\/\\\/bestattungen-schuett.de\\\/wp-content\\\/cache\\\/podlove\\\/95\\\/299f76b0945faf1a25ade5a720fee9\\\/julia-issa_150x150.jpg\",\"role\":{\"id\":\"1\",\"slug\":\"Moderation\",\"title\":\"Moderation\"},\"group\":null,\"comment\":null}]}}, {\"url\":\"https:\\\/\\\/bestattungen-schuett.de\\\/en\\\/wp-json\\\/podlove-web-player\\\/shortcode\\\/config\\\/default\\\/theme\\\/default\",\"data\":{\"activeTab\":\"playlist\",\"subscribe-button\":{\"feed\":\"https:\\\/\\\/bestattungen-schuett.de\\\/feed\\\/mp3\\\/\",\"clients\":[{\"id\":\"spotify\",\"service\":\"0ErI7nSXoF0P3yfAgESnaq\"},{\"id\":\"apple-podcasts\",\"service\":\"1000652876254\"},{\"id\":\"deezer\",\"service\":\"1000864291\"}]},\"share\":{\"channels\":[\"facebook\",\"linkedin\",\"mail\",\"link\"],\"outlet\":\"https:\\\/\\\/bestattungen-schuett.de\\\/wp-content\\\/plugins\\\/podlove-web-player\\\/web-player\\\/share.html\",\"sharePlaytime\":true},\"related-episodes\":{\"source\":\"podcast\",\"value\":null},\"version\":5,\"playlist\":\"https:\\\/\\\/bestattungen-schuett.de\\\/en\\\/wp-json\\\/podlove-web-player\\\/shortcode\\\/podcast\",\"theme\":{\"tokens\":{\"brand\":\"#caa13f\",\"brandDark\":\"#caa13f\",\"brandDarkest\":\"#caa13f\",\"brandLightest\":\"#292d46\",\"shadeDark\":\"#807E7C\",\"shadeBase\":\"#807E7C\",\"contrast\":\"#caa13f\",\"alt\":\"#fff\"},\"fonts\":{\"ci\":{\"name\":\"ci\",\"family\":[\"asap\",\"-apple-system\",\"BlinkMacSystemFont\",\"Segoe UI\",\"Roboto\",\"Helvetica\",\"Arial\",\"sans-serif\",\"Apple Color Emoji\",\"Segoe UI Emoji\\\", \\\"Segoe UI Symbol\"],\"src\":[],\"weight\":800},\"regular\":{\"name\":\"regular\",\"family\":[\"-apple-system\",\"BlinkMacSystemFont\",\"Segoe UI\",\"Roboto\",\"Helvetica\",\"Arial\",\"sans-serif\",\"Apple Color Emoji\",\"Segoe UI Emoji\\\", \\\"Segoe UI Symbol\"],\"src\":[],\"weight\":300},\"bold\":{\"name\":\"bold\",\"family\":[\"-apple-system\",\"BlinkMacSystemFont\",\"Segoe UI\",\"Roboto\",\"Helvetica\",\"Arial\",\"sans-serif\",\"Apple Color Emoji\",\"Segoe UI Emoji\\\", \\\"Segoe UI Symbol\"],\"src\":[],\"weight\":700}}},\"base\":\"https:\\\/\\\/bestattungen-schuett.de\\\/wp-content\\\/plugins\\\/podlove-web-player\\\/web-player\\\/\"}}]);\n                podlovePlayer(player, \"https:\/\/bestattungen-schuett.de\/en\/wp-json\/podlove-web-player\/shortcode\/publisher\/2243\", \"https:\/\/bestattungen-schuett.de\/en\/wp-json\/podlove-web-player\/shortcode\/config\/default\/theme\/default\").then(function() {\n                  player && player.classList.remove(\"podlove-web-player-loading\");\n                });\n              });\n            <\/script>\n            <style>\n              .podlove-web-player.podlove-web-player-loading {\n                opacity: 0;\n              }\n            <\/style>\n        \n\n\n    \n\n\t<div class=\"podlove-contributors-cards\">\n\t\t\t\t\t\n\t\t\t\t<div class=\"podlove-contributors-card\">\n\t\t\t\t\t<div class=\"podlove-contributors-card-inner\">\n\t\t\t\t\t\t<div class=\"podlove-contributors-card-avatar\">\n\t\t\t\t\t\t\t\n<img decoding=\"async\" alt=\"avatar\" width=\"50\" height=\"50\" src=\"https:\/\/bestattungen-schuett.de\/wp-content\/cache\/podlove\/b9\/9c52b67b86ab03607874814420f773\/sonja-boehm_50x50.jpg\" srcset=\"https:\/\/bestattungen-schuett.de\/wp-content\/cache\/podlove\/b9\/9c52b67b86ab03607874814420f773\/sonja-boehm_50x50.jpg 1x, https:\/\/bestattungen-schuett.de\/en\/podlove\/image\/68747470733a2f2f62657374617474756e67656e2d736368756574742e64652f77702d636f6e74656e742f75706c6f6164732f494d475f383931335f626561725f6375742e6a7067\/100\/0\/0\/sonja-boehm 2x, https:\/\/bestattungen-schuett.de\/en\/podlove\/image\/68747470733a2f2f62657374617474756e67656e2d736368756574742e64652f77702d636f6e74656e742f75706c6f6164732f494d475f383931335f626561725f6375742e6a7067\/150\/0\/0\/sonja-boehm 3x\"\/>\n\n\t\t\t\t\t\t<\/div>\n\t\t\t\t\t\t<div class=\"podlove-contributors-card-person\">\n\t\t\t\t\t\t\t<div style=\"align-self: center\">\n\t\t\t\t\t\t\t\t<div style=\"font-weight: 400;\">Sonja B\u00f6hm<\/div>\n\t\t\t\t\t\t\t\t\t\t\t\t\t\t\t<\/div>\n\t\t\t\t\t\t\t<div class=\"podlove-contributors-card-services\">\n\t\t\t\t\t\t\t\t\t\t\t\t\t\t\t\t\t<a class=\"podlove-contributors-card-services-service\" target=\"_blank\" title=\"Bestattungen Michael Sch\u00fctt\" href=\"https:\/\/instagram.com\/bestattungen_michael_schuett\/\">\n\t\t\t\t\t\t\t\t\t\t\n<img decoding=\"async\" alt=\"Bestattungen Michael Sch\u00fctt Icon\" width=\"20\" src=\"https:\/\/bestattungen-schuett.de\/en\/podlove\/image\/68747470733a2f2f62657374617474756e67656e2d736368756574742e64652f77702d636f6e74656e742f706c7567696e732f706f646c6f76652d706f6463617374696e672d706c7567696e2d666f722d776f726470726573732f6c69622f6d6f64756c65732f736f6369616c2f696d616765732f69636f6e732f696e7374616772616d2e706e67\/20\/0\/0\/instagram\" srcset=\"https:\/\/bestattungen-schuett.de\/en\/podlove\/image\/68747470733a2f2f62657374617474756e67656e2d736368756574742e64652f77702d636f6e74656e742f706c7567696e732f706f646c6f76652d706f6463617374696e672d706c7567696e2d666f722d776f726470726573732f6c69622f6d6f64756c65732f736f6369616c2f696d616765732f69636f6e732f696e7374616772616d2e706e67\/20\/0\/0\/instagram 1x, https:\/\/bestattungen-schuett.de\/en\/podlove\/image\/68747470733a2f2f62657374617474756e67656e2d736368756574742e64652f77702d636f6e74656e742f706c7567696e732f706f646c6f76652d706f6463617374696e672d706c7567696e2d666f722d776f726470726573732f6c69622f6d6f64756c65732f736f6369616c2f696d616765732f69636f6e732f696e7374616772616d2e706e67\/40\/0\/0\/instagram 2x, https:\/\/bestattungen-schuett.de\/en\/podlove\/image\/68747470733a2f2f62657374617474756e67656e2d736368756574742e64652f77702d636f6e74656e742f706c7567696e732f706f646c6f76652d706f6463617374696e672d706c7567696e2d666f722d776f726470726573732f6c69622f6d6f64756c65732f736f6369616c2f696d616765732f69636f6e732f696e7374616772616d2e706e67\/60\/0\/0\/instagram 3x\"\/>\n\n\t\t\t\t\t\t\t\t\t<\/a>\n\t\t\t\t\t\t\t\t\t\t\t\t\t\t\t\t\t<a class=\"podlove-contributors-card-services-service\" target=\"_blank\" title=\"Bestattungen Michael Sch\u00fctt\" href=\"https:\/\/facebook.com\/profile.php?id=100083281763420\">\n\t\t\t\t\t\t\t\t\t\t\n<img decoding=\"async\" alt=\"Bestattungen Michael Sch\u00fctt Icon\" width=\"20\" src=\"https:\/\/bestattungen-schuett.de\/en\/podlove\/image\/68747470733a2f2f62657374617474756e67656e2d736368756574742e64652f77702d636f6e74656e742f706c7567696e732f706f646c6f76652d706f6463617374696e672d706c7567696e2d666f722d776f726470726573732f6c69622f6d6f64756c65732f736f6369616c2f696d616765732f69636f6e732f66616365626f6f6b2e706e67\/20\/0\/0\/facebook\" srcset=\"https:\/\/bestattungen-schuett.de\/en\/podlove\/image\/68747470733a2f2f62657374617474756e67656e2d736368756574742e64652f77702d636f6e74656e742f706c7567696e732f706f646c6f76652d706f6463617374696e672d706c7567696e2d666f722d776f726470726573732f6c69622f6d6f64756c65732f736f6369616c2f696d616765732f69636f6e732f66616365626f6f6b2e706e67\/20\/0\/0\/facebook 1x, https:\/\/bestattungen-schuett.de\/en\/podlove\/image\/68747470733a2f2f62657374617474756e67656e2d736368756574742e64652f77702d636f6e74656e742f706c7567696e732f706f646c6f76652d706f6463617374696e672d706c7567696e2d666f722d776f726470726573732f6c69622f6d6f64756c65732f736f6369616c2f696d616765732f69636f6e732f66616365626f6f6b2e706e67\/40\/0\/0\/facebook 2x, https:\/\/bestattungen-schuett.de\/en\/podlove\/image\/68747470733a2f2f62657374617474756e67656e2d736368756574742e64652f77702d636f6e74656e742f706c7567696e732f706f646c6f76652d706f6463617374696e672d706c7567696e2d666f722d776f726470726573732f6c69622f6d6f64756c65732f736f6369616c2f696d616765732f69636f6e732f66616365626f6f6b2e706e67\/60\/0\/0\/facebook 3x\"\/>\n\n\t\t\t\t\t\t\t\t\t<\/a>\n\t\t\t\t\t\t\t\t\t\t\t\t\t\t\t\t\t\t\t\t\t\t\t\t\t\t\t\t\t\t\t\t\t\t\t<a class=\"podlove-contributors-card-services-service\" target=\"_blank\" title=\"Leuchtturm zum Sonnenuntergang\" href=\"https:\/\/steadyhq.com\/leuchtturm-zum-sonnenuntergang\/topics\/podcast\">\n\t\t\t\t\t\t\t\t\t\t\t\n<img decoding=\"async\" alt=\"Leuchtturm zum Sonnenuntergang Icon\" width=\"20\" src=\"https:\/\/bestattungen-schuett.de\/en\/podlove\/image\/68747470733a2f2f62657374617474756e67656e2d736368756574742e64652f77702d636f6e74656e742f706c7567696e732f706f646c6f76652d706f6463617374696e672d706c7567696e2d666f722d776f726470726573732f6c69622f6d6f64756c65732f736f6369616c2f696d616765732f69636f6e732f7374656164792e706e67\/20\/0\/0\/steady\" srcset=\"https:\/\/bestattungen-schuett.de\/en\/podlove\/image\/68747470733a2f2f62657374617474756e67656e2d736368756574742e64652f77702d636f6e74656e742f706c7567696e732f706f646c6f76652d706f6463617374696e672d706c7567696e2d666f722d776f726470726573732f6c69622f6d6f64756c65732f736f6369616c2f696d616765732f69636f6e732f7374656164792e706e67\/20\/0\/0\/steady 1x, https:\/\/bestattungen-schuett.de\/en\/podlove\/image\/68747470733a2f2f62657374617474756e67656e2d736368756574742e64652f77702d636f6e74656e742f706c7567696e732f706f646c6f76652d706f6463617374696e672d706c7567696e2d666f722d776f726470726573732f6c69622f6d6f64756c65732f736f6369616c2f696d616765732f69636f6e732f7374656164792e706e67\/40\/0\/0\/steady 2x, https:\/\/bestattungen-schuett.de\/en\/podlove\/image\/68747470733a2f2f62657374617474756e67656e2d736368756574742e64652f77702d636f6e74656e742f706c7567696e732f706f646c6f76652d706f6463617374696e672d706c7567696e2d666f722d776f726470726573732f6c69622f6d6f64756c65732f736f6369616c2f696d616765732f69636f6e732f7374656164792e706e67\/60\/0\/0\/steady 3x\"\/>\n\n\t\t\t\t\t\t\t\t\t\t<\/a>\n\t\t\t\t\t\t\t\t\t\t\t\t\t\t\t\t\t\t\t\t\t\t\t\t<\/div>\n\t\t\t\t\t\t<\/div>\n\t\t\t\t\t<\/div>\n\t\t\t\t<\/div>\n\n\t\t\t\t\t\t\t\t\n\t\t\t\t<div class=\"podlove-contributors-card\">\n\t\t\t\t\t<div class=\"podlove-contributors-card-inner\">\n\t\t\t\t\t\t<div class=\"podlove-contributors-card-avatar\">\n\t\t\t\t\t\t\t\n<img decoding=\"async\" alt=\"avatar\" width=\"50\" height=\"50\" src=\"https:\/\/bestattungen-schuett.de\/wp-content\/cache\/podlove\/95\/299f76b0945faf1a25ade5a720fee9\/julia-issa_50x50.jpg\" srcset=\"https:\/\/bestattungen-schuett.de\/wp-content\/cache\/podlove\/95\/299f76b0945faf1a25ade5a720fee9\/julia-issa_50x50.jpg 1x, https:\/\/bestattungen-schuett.de\/en\/podlove\/image\/68747470733a2f2f62657374617474756e67656e2d736368756574742e64652f77702d636f6e74656e742f75706c6f6164732f4a756c69612d497373612d506173746f72696e2e6a7067\/100\/0\/0\/julia-issa 2x, https:\/\/bestattungen-schuett.de\/en\/podlove\/image\/68747470733a2f2f62657374617474756e67656e2d736368756574742e64652f77702d636f6e74656e742f75706c6f6164732f4a756c69612d497373612d506173746f72696e2e6a7067\/150\/0\/0\/julia-issa 3x\"\/>\n\n\t\t\t\t\t\t<\/div>\n\t\t\t\t\t\t<div class=\"podlove-contributors-card-person\">\n\t\t\t\t\t\t\t<div style=\"align-self: center\">\n\t\t\t\t\t\t\t\t<div style=\"font-weight: 400;\">Julia Issa<\/div>\n\t\t\t\t\t\t\t\t\t\t\t\t\t\t\t<\/div>\n\t\t\t\t\t\t\t<div class=\"podlove-contributors-card-services\">\n\t\t\t\t\t\t\t\t\t\t\t\t\t\t\t\t\t<a class=\"podlove-contributors-card-services-service\" target=\"_blank\" title=\"Instagram\" href=\"https:\/\/instagram.com\/johannesgemeinde\">\n\t\t\t\t\t\t\t\t\t\t\n<img decoding=\"async\" alt=\"Instagram Icon\" width=\"20\" src=\"https:\/\/bestattungen-schuett.de\/en\/podlove\/image\/68747470733a2f2f62657374617474756e67656e2d736368756574742e64652f77702d636f6e74656e742f706c7567696e732f706f646c6f76652d706f6463617374696e672d706c7567696e2d666f722d776f726470726573732f6c69622f6d6f64756c65732f736f6369616c2f696d616765732f69636f6e732f696e7374616772616d2e706e67\/20\/0\/0\/instagram\" srcset=\"https:\/\/bestattungen-schuett.de\/en\/podlove\/image\/68747470733a2f2f62657374617474756e67656e2d736368756574742e64652f77702d636f6e74656e742f706c7567696e732f706f646c6f76652d706f6463617374696e672d706c7567696e2d666f722d776f726470726573732f6c69622f6d6f64756c65732f736f6369616c2f696d616765732f69636f6e732f696e7374616772616d2e706e67\/20\/0\/0\/instagram 1x, https:\/\/bestattungen-schuett.de\/en\/podlove\/image\/68747470733a2f2f62657374617474756e67656e2d736368756574742e64652f77702d636f6e74656e742f706c7567696e732f706f646c6f76652d706f6463617374696e672d706c7567696e2d666f722d776f726470726573732f6c69622f6d6f64756c65732f736f6369616c2f696d616765732f69636f6e732f696e7374616772616d2e706e67\/40\/0\/0\/instagram 2x, https:\/\/bestattungen-schuett.de\/en\/podlove\/image\/68747470733a2f2f62657374617474756e67656e2d736368756574742e64652f77702d636f6e74656e742f706c7567696e732f706f646c6f76652d706f6463617374696e672d706c7567696e2d666f722d776f726470726573732f6c69622f6d6f64756c65732f736f6369616c2f696d616765732f69636f6e732f696e7374616772616d2e706e67\/60\/0\/0\/instagram 3x\"\/>\n\n\t\t\t\t\t\t\t\t\t<\/a>\n\t\t\t\t\t\t\t\t\t\t\t\t\t\t\t\t\t\t\t\t\t\t\t\t\t\t\t\t\t\t\t\t\t\t\t\t\t\t\t\t<\/div>\n\t\t\t\t\t\t<\/div>\n\t\t\t\t\t<\/div>\n\t\t\t\t<\/div>\n\n\t\t\t\t\t\t<\/div>\n\n\t<style>\n\t\t.podlove-contributors-cards {\n\t\t\tmargin-bottom: 1rem;\n\t\t\tbackground: white;\n\t\t\toverflow: hidden;\n\t\t\tborder-radius: 0.375rem;\n\t\t\tbox-shadow: 0 1px 3px 0 rgba(0, 0, 0, 0.1), 0 1px 2px 0 rgba(0, 0, 0, 0.06);\n\t\t}\n\t\t.podlove-contributors-card {\n\t\t\tdisplay: flex;\n\t\t\talign-items: center;\n\t\t\tpadding: 1rem 1.5rem\n\t\t}\n\t\t.podlove-contributors-card-inner {\n\t\t\tdisplay: flex;\n\t\t\talign-items: center;\n\t\t\tflex: 1 1 0;\n\t\t\tmin-width: 0;\n\t\t}\n\t\t.podlove-contributors-card-avatar {\n\t\t\twidth: 50px;\n\t\t\theight: 50px;\n\t\t\tborder-radius: 0.25rem;\n\t\t\toverflow: hidden;\n\t\t\tflex-shrink: 0;\n\t\t}\n\t\t.podlove-contributors-card-person {\n\t\t\tflex: 1 1 0;\n\t\t\tmin-width: 0;\n\t\t\tpadding: 0 1rem;\n\t\t\tdisplay: grid;\n\t\t\tgrid-template-columns: repeat(2, minmax(0, 1fr));\n\t\t\tgap: 1rem;\n\t\t}\n\t\t.podlove-contributors-card-person-details {\n\t\t\tcolor: #999\n\t\t}\n\t\t.podlove-contributors-card-services {\n\t\t\tflex-wrap: wrap;\n\t\t\tdisplay: flex;\n\t\t\talign-items: center;\n\t\t\talign-content: center;\n\t\t\tjustify-content: flex-end;\n\t\t}\n\t\t.podlove-contributors-card-services-service {\n\t\t\tdisplay: inline-block;\n\t\t\tflex-shrink: 0;\n\t\t\tpadding-left: 0.5rem;\n\t\t\ttext-decoration: none;\n\t\t\tbox-shadow: none;\n\t\t}\n\t<\/style>\n\n\n\n<figure class=\"wp-block-image size-full is-resized\"><img fetchpriority=\"high\" decoding=\"async\" width=\"394\" height=\"399\" src=\"https:\/\/bestattungen-schuett.de\/wp-content\/uploads\/Julia-Issa-Pastorin.jpg\" alt=\"\" class=\"wp-image-2246\" style=\"aspect-ratio:0.9875173370319001;width:283px;height:auto\" srcset=\"https:\/\/bestattungen-schuett.de\/wp-content\/uploads\/Julia-Issa-Pastorin.jpg 394w, https:\/\/bestattungen-schuett.de\/wp-content\/uploads\/Julia-Issa-Pastorin-296x300.jpg 296w, https:\/\/bestattungen-schuett.de\/wp-content\/uploads\/Julia-Issa-Pastorin-12x12.jpg 12w\" sizes=\"(max-width: 394px) 100vw, 394px\" \/><\/figure>\n\n\n\n<p>Julia ist seit Ende 2023 in der Johanneskirche in Hamburg-Rissen als Pastorin t\u00e4tig &#8211; einer Gemeinde zwischen d\u00f6rflichen Charakter und st\u00e4dtischer Anbindung.<\/p>\n\n\n\n<p>Nun steht die Institution Kirche vor gro\u00dfen Ver\u00e4nderungen, die auch in Rissen bemerkbar sind. Doch Julia geht diese mutig und positiv an, ganz dem diesj\u00e4hrigen Motto \u201cSiehe, ich mache alles neu! &#8211; Gott\u201d.<\/p>\n\n\n\n<p>Aber wir sprechen nicht nur \u00fcber die Ver\u00e4nderungen in der Kirche, sondern auch dar\u00fcber, wie es ist als queere Pastorin t\u00e4tig zu sein und auch dar\u00fcber, wie wir den Tod wieder in unser Leben lassen.<\/p>\n\n\n\n<p class=\"has-small-font-size\"><strong>Shownotes<\/strong><\/p>\n\n\n\n<p class=\"has-extra-small-font-size\">Wer unsere Arbeit an diesem Podcast unterst\u00fctzen m\u00f6chte kann dies \u00fcber <a href=\"https:\/\/steadyhq.com\/de\/leuchtturm-zum-sonnenuntergang\/about\">Steady <\/a>machen. Wer zur neuesten Folge vorab exklusive Informationen erhalten m\u00f6chte, kann den Newsletter bei <a href=\"https:\/\/steadyhq.com\/de\/leuchtturm-zum-sonnenuntergang\/posts\">Steady<\/a> abonnieren.<\/p>\n\n\n\n<p class=\"has-extra-small-font-size\">Wir freuen uns, wenn ihr den Podcast, dort wo es m\u00f6glich ist, rezensiert, bewertet oder Sterne vergebt. Und es ist wunderbar, wenn ihr diesen Podcast an Freunde und Familie weiterempfehlt.<\/p>\n","protected":false},"author":1,"featured_media":2246,"comment_status":"open","ping_status":"open","template":"","meta":{"footnotes":""},"tags":[77,89,90],"class_list":["post-2243","podcast","type-podcast","status-publish","has-post-thumbnail","hentry","tag-bestattungen-michael-schuett","tag-pastorin-julia-issa","tag-tod-ins-leben-holen","entry","post"],"_links":{"self":[{"href":"https:\/\/bestattungen-schuett.de\/en\/wp-json\/wp\/v2\/episodes\/2243","targetHints":{"allow":["GET"]}}],"collection":[{"href":"https:\/\/bestattungen-schuett.de\/en\/wp-json\/wp\/v2\/episodes"}],"about":[{"href":"https:\/\/bestattungen-schuett.de\/en\/wp-json\/wp\/v2\/types\/podcast"}],"author":[{"embeddable":true,"href":"https:\/\/bestattungen-schuett.de\/en\/wp-json\/wp\/v2\/users\/1"}],"replies":[{"embeddable":true,"href":"https:\/\/bestattungen-schuett.de\/en\/wp-json\/wp\/v2\/comments?post=2243"}],"version-history":[{"count":1,"href":"https:\/\/bestattungen-schuett.de\/en\/wp-json\/wp\/v2\/episodes\/2243\/revisions"}],"predecessor-version":[{"id":2247,"href":"https:\/\/bestattungen-schuett.de\/en\/wp-json\/wp\/v2\/episodes\/2243\/revisions\/2247"}],"wp:featuredmedia":[{"embeddable":true,"href":"https:\/\/bestattungen-schuett.de\/en\/wp-json\/wp\/v2\/media\/2246"}],"wp:attachment":[{"href":"https:\/\/bestattungen-schuett.de\/en\/wp-json\/wp\/v2\/media?parent=2243"}],"wp:term":[{"taxonomy":"post_tag","embeddable":true,"href":"https:\/\/bestattungen-schuett.de\/en\/wp-json\/wp\/v2\/tags?post=2243"}],"curies":[{"name":"wp","href":"https:\/\/api.w.org\/{rel}","templated":true}]}}